{"id":1845,"date":"2026-03-09T09:17:58","date_gmt":"2026-03-09T08:17:58","guid":{"rendered":"https:\/\/ssw.solutions\/blog\/taxpresso\/?post_type=wydarzenie&#038;p=1845"},"modified":"2026-03-13T11:17:35","modified_gmt":"2026-03-13T10:17:35","slug":"webinarium-ksef-na-ostatniej-prostej-praktyczny-przewodnik","status":"publish","type":"wydarzenie","link":"https:\/\/ssw.solutions\/blog\/taxpresso\/wydarzenie\/webinarium-ksef-na-ostatniej-prostej-praktyczny-przewodnik\/","title":{"rendered":"Webinarium KSeF na ostatniej prostej \u2013 praktyczny przewodnik"},"content":{"rendered":"<p>Zapraszamy na webinarium po\u015bwi\u0119cone praktycznym aspektom wdro\u017cenia i funkcjonowania <strong>Krajowego Systemu e-Faktur (KSeF)<\/strong>. Podczas webinarium przedstawimy najwa\u017cniejsze wyzwania zwi\u0105zane z przygotowaniem organizacji do nowych obowi\u0105zk\u00f3w oraz codzienn\u0105 obs\u0142ug\u0105 systemu.<\/p>\n<p>Spotkanie odb\u0119dzie si\u0119 w formule hybrydowej \u2013 zapraszamy zar\u00f3wno do udzia\u0142u stacjonarnie w warszawskim biurze SSW, jak i online za po\u015brednictwem platformy Teams.<\/p>\n<ul>\n<li>Kiedy: 18 marca 2026 r. (\u015broda), godz. 10:30<\/li>\n<li>Gdzie: Biuro SSW, Rondo ONZ 1, 28 pi\u0119tro, Warszawa<\/li>\n<li>Link do rejestracji na wydarzenie: <a href=\"https:\/\/events.teams.microsoft.com\/event\/ec2692d6-dab0-4d46-a9a9-83bd87568560@37cb3d29-6dcc-4858-b0cf-cfc44b3d6688?utm_source=Dynamics%20365%20Customer%20Insights%20-%20Journeys&amp;utm_medium=email&amp;utm_term=N%2FA&amp;utm_campaign=&amp;utm_content=V3_KSeF%20na%20ostatniej%20prostej%20-%20praktyczny%20przewodnik#msdynmkt_trackingcontext=dddbe52b-00e9-4f09-a070-4a6081e20000\">Microsoft Virtual Events Powered by Teams<\/a><\/li>\n<\/ul>\n<h2 data-section-id=\"1ke9bix\" data-start=\"883\" data-end=\"945\">Do\u0142\u0105cz do webinarium KSeF \u2013 terminy i spos\u00f3b uczestnictwa<\/h2>\n<ul>\n<li data-start=\"947\" data-end=\"1258\">Udzia\u0142 w webinarium jest bezp\u0142atny, a spotkanie b\u0119dzie prowadzone w j\u0119zyku polskim.<\/li>\n<li data-start=\"947\" data-end=\"1258\">Liczba miejsc na spotkanie stacjonarne jest ograniczona, dlatego zach\u0119camy do wcze\u015bniejszej rejestracji.<\/li>\n<li data-start=\"947\" data-end=\"1258\">Organizator zastrzega sobie mo\u017cliwo\u015b\u0107 ostatecznego potwierdzenia udzia\u0142u oraz ewentualnej zmiany terminu wydarzenia.<\/li>\n<\/ul>\n<p data-start=\"1260\" data-end=\"1407\">Je\u017celi maj\u0105 Pa\u0144stwo pytania dotycz\u0105ce tematyki webinarium lub chcieliby je przes\u0142a\u0107 z wyprzedzeniem, zapraszamy do kontaktu z naszymi ekspertami.<\/p>\n<h2>KSeF \u2013 tematy, kt\u00f3re om\u00f3wimy<\/h2>\n<p data-start=\"1470\" data-end=\"1505\">Podczas webinarium om\u00f3wimy m.in.:<\/p>\n<ul>\n<li data-start=\"1470\" data-end=\"1505\"><strong>Terminy wej\u015bcia w \u017cycie KSeF i okresy przej\u015bciowe w praktyce<\/strong> \u2013 jak fazowanie systemu wp\u0142ywa na jego stosowanie przez firmy oraz co zrobi\u0107, gdy wdro\u017cenie nie jest jeszcze w pe\u0142ni zako\u0144czone<\/li>\n<li data-start=\"1470\" data-end=\"1505\"><strong>Udzielanie dost\u0119p\u00f3w do KSeF<\/strong> \u2013 kto i w jaki spos\u00f3b mo\u017ce wystawia\u0107 i pobiera\u0107 faktury, jak zarz\u0105dza\u0107 dost\u0119pami oraz jakie znaczenie maj\u0105 piecz\u0119\u0107 kwalifikowana, certyfikat, token i uprawnienia nadawane poprzez ZAW-FA<\/li>\n<li data-start=\"1470\" data-end=\"1505\"><strong>Mapowanie faktur i ich wizualizacja<\/strong> \u2013 jak prawid\u0142owo przygotowa\u0107 plik XML i zadba\u0107 o zgodno\u015b\u0107 wizualizacji faktury z dokumentem w systemie KSeF<\/li>\n<li data-start=\"1470\" data-end=\"1505\"><strong>Awarie KSeF<\/strong> \u2013 jak przygotowa\u0107 organizacj\u0119 na sytuacje, w kt\u00f3rych system nie dzia\u0142a, i jak unikn\u0105\u0107 b\u0142\u0119d\u00f3w w takich przypadkach<\/li>\n<li data-start=\"1470\" data-end=\"1505\"><strong>Wybrane zagadnienia szczeg\u00f3lne <\/strong>\u2013 m.in. fakturowanie w przypadku samofakturowania, transakcji w walutach obcych, wsp\u00f3\u0142pracy z jednostkami samorz\u0105du terytorialnego czy w ramach grup VAT<\/li>\n<li data-start=\"1470\" data-end=\"1505\"><strong>Sesja Q&amp;A<\/strong> \u2013 odpowiedzi na pytania uczestnik\u00f3w oraz mo\u017cliwo\u015b\u0107 om\u00f3wienia innych zagadnie\u0144 zwi\u0105zanych z KSeF<\/li>\n<\/ul>\n<p>W przypadku pyta\u0144 dotycz\u0105cych wydarzenia, prosimy o kontakt na adres\u00a0<a href=\"mailto:marketing@ssw.solutions\">marketing@ssw.solutions<\/a><\/p>\n<p data-start=\"2411\" data-end=\"2523\">Zapraszamy do udzia\u0142u w KSeF \u2013 webinarium!<\/p>\n","protected":false},"featured_media":0,"template":"","class_list":["post-1845","wydarzenie","type-wydarzenie","status-publish","hentry"],"acf":[],"_links":{"self":[{"href":"https:\/\/ssw.solutions\/blog\/taxpresso\/wp-json\/wp\/v2\/wydarzenie\/1845","targetHints":{"allow":["GET"]}}],"collection":[{"href":"https:\/\/ssw.solutions\/blog\/taxpresso\/wp-json\/wp\/v2\/wydarzenie"}],"about":[{"href":"https:\/\/ssw.solutions\/blog\/taxpresso\/wp-json\/wp\/v2\/types\/wydarzenie"}],"version-history":[{"count":3,"href":"https:\/\/ssw.solutions\/blog\/taxpresso\/wp-json\/wp\/v2\/wydarzenie\/1845\/revisions"}],"predecessor-version":[{"id":1873,"href":"https:\/\/ssw.solutions\/blog\/taxpresso\/wp-json\/wp\/v2\/wydarzenie\/1845\/revisions\/1873"}],"wp:attachment":[{"href":"https:\/\/ssw.solutions\/blog\/taxpresso\/wp-json\/wp\/v2\/media?parent=1845"}],"curies":[{"name":"wp","href":"https:\/\/api.w.org\/{rel}","templated":true}]}}